{"id":1234,"date":"2022-11-01T13:51:48","date_gmt":"2022-11-01T11:51:48","guid":{"rendered":"https:\/\/wordpress.ffw-adorf.de\/?page_id=1234"},"modified":"2022-11-01T22:12:06","modified_gmt":"2022-11-01T20:12:06","slug":"ortwehr-adorf","status":"publish","type":"page","link":"https:\/\/ffw-adorf.de\/?page_id=1234","title":{"rendered":"Ortswehr Adorf"},"content":{"rendered":"<ul class=\"wp-block-latest-posts__list wp-block-latest-posts\"><li><a class=\"wp-block-latest-posts__post-title\" href=\"https:\/\/ffw-adorf.de\/?p=123\">Ortswehr Adorf<\/a><div class=\"wp-block-latest-posts__post-full-content\">Die Mitgliederzahl der Ortswehr Adorf betr\u00e4gt per 31.12.2019 50 Kameradinnen und Kameraden, die sich wie folgt aufgliedern:\n<ul>\n \t<li>50\u00a0aktive Feuerwehrdienstleistende<\/li>\n \t<li>10\u00a0Alterskameraden (\u00fcber 65 Jahre)<\/li>\n<\/ul>\n<ul>\n \t<li>Wehrleiter:\u00a0<a href=\"mailto:mark.traeger@vodafone.de\">Mark Tr\u00e4ger\u00a0<\/a>(Tel. 0172\/3745752)<\/li>\n \t<li>stellv. Wehrleiter: Florian Fischer (Tel. 0174\/3719129)<\/li>\n \t<li>Jugendfeuerwehrwart: Holger Weigert (Tel. 0171\/4035022)<\/li>\n \t<li>stellv. Jugendfeuerwehrwart: Christian Damme (Tel. 0170\/6538867)<\/li>\n<\/ul><\/div><\/li>\n<\/ul>\n\n\n<p><\/p>\n\n\n<ul class=\"wp-block-latest-posts__list wp-block-latest-posts\"><li><a class=\"wp-block-latest-posts__post-title\" href=\"https:\/\/ffw-adorf.de\/?p=122\">Einsatzleitwagen (ELW)<\/a><div class=\"wp-block-latest-posts__post-full-content\"><!-- wp:columns -->\n<div class=\"wp-block-columns\"><!-- wp:column -->\n<div class=\"wp-block-column\"><!-- wp:paragraph -->\n<p>Baujahr: 2014<br>Fahrgestell: Ford Transit<\/p>\n<!-- \/wp:paragraph -->\n\n<!-- wp:paragraph -->\n<p>Eigenumbau (Ausstattung entspricht nicht der Norm)<\/p>\n<!-- \/wp:paragraph -->\n\n<!-- wp:paragraph -->\n<p>Beladung:<\/p>\n<!-- \/wp:paragraph -->\n\n<!-- wp:list -->\n<ul><!-- wp:list-item -->\n<li>2x MRT<\/li>\n<!-- \/wp:list-item -->\n\n<!-- wp:list-item -->\n<li>3x HRT<\/li>\n<!-- \/wp:list-item -->\n\n<!-- wp:list-item -->\n<li>Gasmessger\u00e4t (Methan)<\/li>\n<!-- \/wp:list-item -->\n\n<!-- wp:list-item -->\n<li>T\u00fcr\u00f6ffnungsrucksack<\/li>\n<!-- \/wp:list-item -->\n\n<!-- wp:list-item -->\n<li>F\u00fchrungsmittel und Einsatzunterlagen<\/li>\n<!-- \/wp:list-item --><\/ul>\n<!-- \/wp:list --><\/div>\n<!-- \/wp:column -->\n\n<!-- wp:column -->\n<div class=\"wp-block-column\"><!-- wp:image {\"id\":1793,\"sizeSlug\":\"full\",\"linkDestination\":\"none\"} -->\n<figure class=\"wp-block-image size-full\"><img loading=\"lazy\" decoding=\"async\" width=\"1024\" height=\"683\" src=\"https:\/\/ffw-adorf.de\/wp-content\/uploads\/2023\/07\/IMG_6374.jpg\" alt=\"\" class=\"wp-image-1793\" srcset=\"https:\/\/ffw-adorf.de\/wp-content\/uploads\/2023\/07\/IMG_6374.jpg 1024w, https:\/\/ffw-adorf.de\/wp-content\/uploads\/2023\/07\/IMG_6374-300x200.jpg 300w, https:\/\/ffw-adorf.de\/wp-content\/uploads\/2023\/07\/IMG_6374-768x512.jpg 768w\" sizes=\"auto, (max-width: 1024px) 100vw, 1024px\" \/><\/figure>\n<!-- \/wp:image --><\/div>\n<!-- \/wp:column --><\/div>\n<!-- \/wp:columns --><\/div><\/li>\n<li><a class=\"wp-block-latest-posts__post-title\" href=\"https:\/\/ffw-adorf.de\/?p=116\">Hilfeleistungsl\u00f6sch\u00adfahrzeug 20\/16 (HLF 20\/16)<\/a><div class=\"wp-block-latest-posts__post-full-content\"><!-- wp:columns -->\n<div class=\"wp-block-columns\"><!-- wp:column -->\n<div class=\"wp-block-column\"><!-- wp:paragraph -->\n<p>Baujahr: 2006<br>Fahrgestell: MB Atego 1328 AF<br>Aufbau: Schlingmann<br>Beladung:<\/p>\n<!-- \/wp:paragraph -->\n\n<!-- wp:list -->\n<ul><!-- wp:list-item -->\n<li>Standardbeladung gem. DIN-Stand 2006<\/li>\n<!-- \/wp:list-item --><\/ul>\n<!-- \/wp:list -->\n\n<!-- wp:paragraph -->\n<p>Besonderheiten:<\/p>\n<!-- \/wp:paragraph -->\n\n<!-- wp:list -->\n<ul><!-- wp:list-item -->\n<li>Wassertank 2400l<\/li>\n<!-- \/wp:list-item -->\n\n<!-- wp:list-item -->\n<li>Rettungssatz System Lukas mit Teleskop Rettungszylinder<\/li>\n<!-- \/wp:list-item -->\n\n<!-- wp:list-item -->\n<li>120l Schaumbildner in Kanister<\/li>\n<!-- \/wp:list-item -->\n\n<!-- wp:list-item -->\n<li>W\u00e4rmebildkamera Dr\u00e4ger UFC 7000<\/li>\n<!-- \/wp:list-item -->\n\n<!-- wp:list-item -->\n<li>W\u00e4rmebildkamera SEEC<\/li>\n<!-- \/wp:list-item -->\n\n<!-- wp:list-item -->\n<li>Arbeitsb\u00fchne f\u00fcr LKW-Unf\u00e4lle<br><\/li>\n<!-- \/wp:list-item --><\/ul>\n<!-- \/wp:list --><\/div>\n<!-- \/wp:column -->\n\n<!-- wp:column -->\n<div class=\"wp-block-column\"><!-- wp:image {\"id\":1795,\"sizeSlug\":\"full\",\"linkDestination\":\"none\"} -->\n<figure class=\"wp-block-image size-full\"><img loading=\"lazy\" decoding=\"async\" width=\"1024\" height=\"683\" src=\"https:\/\/ffw-adorf.de\/wp-content\/uploads\/2023\/07\/IMG_6385.jpg\" alt=\"\" class=\"wp-image-1795\" srcset=\"https:\/\/ffw-adorf.de\/wp-content\/uploads\/2023\/07\/IMG_6385.jpg 1024w, https:\/\/ffw-adorf.de\/wp-content\/uploads\/2023\/07\/IMG_6385-300x200.jpg 300w, https:\/\/ffw-adorf.de\/wp-content\/uploads\/2023\/07\/IMG_6385-768x512.jpg 768w\" sizes=\"auto, (max-width: 1024px) 100vw, 1024px\" \/><\/figure>\n<!-- \/wp:image --><\/div>\n<!-- \/wp:column --><\/div>\n<!-- \/wp:columns --><\/div><\/li>\n<li><a class=\"wp-block-latest-posts__post-title\" href=\"https:\/\/ffw-adorf.de\/?p=120\">R\u00fcstwagen 2 (RW 2)<\/a><div class=\"wp-block-latest-posts__post-full-content\"><!-- wp:columns -->\n<div class=\"wp-block-columns\"><!-- wp:column -->\n<div class=\"wp-block-column\"><!-- wp:paragraph -->\n<p>Baujahr: 1994<br>Fahrgestell: MAN 12.232<br>Aufbau: Schlingmann<br>Beladung:<\/p>\n<!-- \/wp:paragraph -->\n\n<!-- wp:list -->\n<ul><!-- wp:list-item -->\n<li>Normbeladung gem. DIN-Norm Stand 1991<\/li>\n<!-- \/wp:list-item --><\/ul>\n<!-- \/wp:list -->\n\n<!-- wp:paragraph -->\n<p>Zusatzbeladung \u00d6l mit<\/p>\n<!-- \/wp:paragraph -->\n\n<!-- wp:list -->\n<ul><!-- wp:list-item -->\n<li>3 x 3000l und 3 x 1000l Auffangbeh\u00e4lter<\/li>\n<!-- \/wp:list-item -->\n\n<!-- wp:list-item -->\n<li>Mineral\u00f6lbest\u00e4ndige Armaturen und Schl\u00e4uche<\/li>\n<!-- \/wp:list-item -->\n\n<!-- wp:list-item -->\n<li>nicht funkenreisendes Werkzeug<\/li>\n<!-- \/wp:list-item --><\/ul>\n<!-- \/wp:list -->\n\n<!-- wp:paragraph -->\n<p>Besonderheiten:<br>Zus\u00e4tzlich wurde auf dem Fahrzeug eine Komponente Gefahrgut\/Umwelt verlastet.<br>Dazu z\u00e4hlen unter anderem:<\/p>\n<!-- \/wp:paragraph -->\n\n<!-- wp:list -->\n<ul><!-- wp:list-item -->\n<li>Umf\u00fcllpumpe DEPA-ELRO<\/li>\n<!-- \/wp:list-item -->\n\n<!-- wp:list-item -->\n<li>Fasspumpe Gefahrgut Edelstahl<\/li>\n<!-- \/wp:list-item -->\n\n<!-- wp:list-item -->\n<li>4x CSA<\/li>\n<!-- \/wp:list-item -->\n\n<!-- wp:list-item -->\n<li>Chemikalienbest\u00e4ndige Schl\u00e4uche und Armaturen<\/li>\n<!-- \/wp:list-item -->\n\n<!-- wp:list-item -->\n<li>Chemikalienbinder<\/li>\n<!-- \/wp:list-item -->\n\n<!-- wp:list-item -->\n<li>UNIKA-Kesselwagenkupplung<\/li>\n<!-- \/wp:list-item -->\n\n<!-- wp:list-item -->\n<li>Rohr- und Leckdichtkissen<br>Auffangbeh\u00e4lter Edelstahl und ELRO-Vakuumfass werden gesondert transportiert.<\/li>\n<!-- \/wp:list-item --><\/ul>\n<!-- \/wp:list --><\/div>\n<!-- \/wp:column -->\n\n<!-- wp:column -->\n<div class=\"wp-block-column\"><!-- wp:image {\"id\":1794,\"sizeSlug\":\"full\",\"linkDestination\":\"none\"} -->\n<figure class=\"wp-block-image size-full\"><img loading=\"lazy\" decoding=\"async\" width=\"1024\" height=\"683\" src=\"https:\/\/ffw-adorf.de\/wp-content\/uploads\/2023\/07\/IMG_6380.jpg\" alt=\"\" class=\"wp-image-1794\" srcset=\"https:\/\/ffw-adorf.de\/wp-content\/uploads\/2023\/07\/IMG_6380.jpg 1024w, https:\/\/ffw-adorf.de\/wp-content\/uploads\/2023\/07\/IMG_6380-300x200.jpg 300w, https:\/\/ffw-adorf.de\/wp-content\/uploads\/2023\/07\/IMG_6380-768x512.jpg 768w\" sizes=\"auto, (max-width: 1024px) 100vw, 1024px\" \/><\/figure>\n<!-- \/wp:image --><\/div>\n<!-- \/wp:column --><\/div>\n<!-- \/wp:columns --><\/div><\/li>\n<li><a class=\"wp-block-latest-posts__post-title\" href=\"https:\/\/ffw-adorf.de\/?p=209\">Mittleres L\u00f6schfahrzeug Logistik (MLF\/L)<\/a><div class=\"wp-block-latest-posts__post-full-content\"><!-- wp:columns -->\n<div class=\"wp-block-columns\"><!-- wp:column -->\n<div class=\"wp-block-column\"><!-- wp:paragraph -->\n<p>Baujahr: 2018<br>Fahrgestell: MAN TGM 13.290<br>Aufbau: Ziegler<\/p>\n<!-- \/wp:paragraph -->\n\n<!-- wp:paragraph -->\n<p><\/p>\n<!-- \/wp:paragraph -->\n\n<!-- wp:paragraph -->\n<p>Das Fahrzeug wurde im Rahmen eines grenz\u00fcberschreitenden Projektes \u00fcber ein EU-F\u00f6rderprogramm beschafft. Dadurch war die Kombination aus L\u00f6schfahrzeug und GW-Logistik m\u00f6glich. Eine derartige Konstellation ist gem\u00e4\u00df der Richtlinie Feuerwehrf\u00f6rderung Sachsen nicht f\u00f6rderf\u00e4hig.<\/p>\n<!-- \/wp:paragraph -->\n\n<!-- wp:paragraph -->\n<p>Besonderheiten:<\/p>\n<!-- \/wp:paragraph -->\n\n<!-- wp:list -->\n<ul><!-- wp:list-item -->\n<li>Allradantrieb, Automatikgetriebe<\/li>\n<!-- \/wp:list-item -->\n\n<!-- wp:list-item -->\n<li>Staffelkabine<\/li>\n<!-- \/wp:list-item -->\n\n<!-- wp:list-item -->\n<li>2 Sitzpl\u00e4tze mit Atemschutzger\u00e4t<\/li>\n<!-- \/wp:list-item -->\n\n<!-- wp:list-item -->\n<li>beheizbarer Laderaum<\/li>\n<!-- \/wp:list-item -->\n\n<!-- wp:list-item -->\n<li>pneum. Lichtmast LED<\/li>\n<!-- \/wp:list-item -->\n\n<!-- wp:list-item -->\n<li>Multifunktionsleiter<\/li>\n<!-- \/wp:list-item -->\n\n<!-- wp:list-item -->\n<li>8 kVA Notstromaggregat<\/li>\n<!-- \/wp:list-item -->\n\n<!-- wp:list-item -->\n<li>Ladebordwand und Seitent\u00fcr im Laderaum<\/li>\n<!-- \/wp:list-item -->\n\n<!-- wp:list-item -->\n<li>Atemschutznotfalltasche<\/li>\n<!-- \/wp:list-item -->\n\n<!-- wp:list-item -->\n<li>fest verbaute Pumpe 10\/2000 (Mittschiff)<\/li>\n<!-- \/wp:list-item -->\n\n<!-- wp:list-item -->\n<li>1000l Wassertank<\/li>\n<!-- \/wp:list-item -->\n\n<!-- wp:list-item -->\n<li>1200m B-Schlauch zur Schnellverlegung in Seitenf\u00e4chern<\/li>\n<!-- \/wp:list-item -->\n\n<!-- wp:list-item -->\n<li>st\u00e4ndig verlastet 5 RC (max. 6 m\u00f6glich)<\/li>\n<!-- \/wp:list-item -->\n\n<!-- wp:list-item -->\n<li>RC-Wasserversorgung mit Schwimmpumpe\u201c Mamut\u201c PH \/4x10m A-Druckschlauch<\/li>\n<!-- \/wp:list-item -->\n\n<!-- wp:list-item -->\n<li>RC-TS mit Ziegler Ultrapower 4<\/li>\n<!-- \/wp:list-item -->\n\n<!-- wp:list-item -->\n<li>RC-Wasserschaden mit Mini-Chiemsee und Wassersauger<\/li>\n<!-- \/wp:list-item -->\n\n<!-- wp:list-item -->\n<li>RC-Atemschutz mit 4 Auer-Langzeitatemschutzger\u00e4ten<\/li>\n<!-- \/wp:list-item -->\n\n<!-- wp:list-item -->\n<li>RC-Schaummittel mit 300l STHAMEX F15 und Zumischer Leader-MIX 1000<\/li>\n<!-- \/wp:list-item -->\n\n<!-- wp:list-item -->\n<li>zus\u00e4tzliche RC- Gefahrgut, RC-B-Schlauch, RC-Jugendfeuerwehr im Ger\u00e4tehaus<\/li>\n<!-- \/wp:list-item --><\/ul>\n<!-- \/wp:list --><\/div>\n<!-- \/wp:column -->\n\n<!-- wp:column -->\n<div class=\"wp-block-column\"><!-- wp:image {\"id\":1797,\"sizeSlug\":\"full\",\"linkDestination\":\"none\"} -->\n<figure class=\"wp-block-image size-full\"><img loading=\"lazy\" decoding=\"async\" width=\"1024\" height=\"683\" src=\"https:\/\/ffw-adorf.de\/wp-content\/uploads\/2023\/07\/IMG_6401.jpg\" alt=\"\" class=\"wp-image-1797\" srcset=\"https:\/\/ffw-adorf.de\/wp-content\/uploads\/2023\/07\/IMG_6401.jpg 1024w, https:\/\/ffw-adorf.de\/wp-content\/uploads\/2023\/07\/IMG_6401-300x200.jpg 300w, https:\/\/ffw-adorf.de\/wp-content\/uploads\/2023\/07\/IMG_6401-768x512.jpg 768w\" sizes=\"auto, (max-width: 1024px) 100vw, 1024px\" \/><\/figure>\n<!-- \/wp:image --><\/div>\n<!-- \/wp:column --><\/div>\n<!-- \/wp:columns -->\n\n<!-- wp:columns -->\n<div class=\"wp-block-columns\"><!-- wp:column -->\n<div class=\"wp-block-column\"><!-- wp:paragraph -->\n<p><\/p>\n<!-- \/wp:paragraph --><\/div>\n<!-- \/wp:column --><\/div>\n<!-- \/wp:columns --><\/div><\/li>\n<li><a class=\"wp-block-latest-posts__post-title\" href=\"https:\/\/ffw-adorf.de\/?p=579\">Drehleiter (DLAK)<\/a><div class=\"wp-block-latest-posts__post-full-content\"><!-- wp:columns -->\n<div class=\"wp-block-columns\"><!-- wp:column -->\n<div class=\"wp-block-column\"><!-- wp:paragraph -->\n<p>Baujahr: 2020<br>Fahrgestell: MAN TGM 15.290<br>Aufbau: Rosenbauer XS 3.0<\/p>\n<!-- \/wp:paragraph -->\n\n<!-- wp:paragraph -->\n<p>Besonderheiten:<\/p>\n<!-- \/wp:paragraph -->\n\n<!-- wp:list -->\n<ul><!-- wp:list-item -->\n<li>Rettungskorb 500kg<\/li>\n<!-- \/wp:list-item -->\n\n<!-- wp:list-item -->\n<li>Schwerlasttrage 300kg mit der M\u00f6glichkeit der Lagerung von Patienten auf Korbboden oder Reling<\/li>\n<!-- \/wp:list-item -->\n\n<!-- wp:list-item -->\n<li>elektr. fernbedienbarer Wasserwerfer RM15<\/li>\n<!-- \/wp:list-item -->\n\n<!-- wp:list-item -->\n<li>Schuttmulde 300kg f\u00fcr Rettungskorb<\/li>\n<!-- \/wp:list-item -->\n\n<!-- wp:list-item -->\n<li>Rollstuhllagerung f\u00fcr Rettungskorb<\/li>\n<!-- \/wp:list-item -->\n\n<!-- wp:list-item -->\n<li>Elektr.- und Motor- Kettens\u00e4ge<\/li>\n<!-- \/wp:list-item -->\n\n<!-- wp:list-item -->\n<li>elektr. Bel\u00fcftungsger\u00e4t mit Halterung f\u00fcr Einsatz im Rettungskorb<\/li>\n<!-- \/wp:list-item -->\n\n<!-- wp:list-item -->\n<li>Notstromaggregat RS 14 Super Silent Fern Start\/Stopp<\/li>\n<!-- \/wp:list-item -->\n\n<!-- wp:list-item -->\n<li>LED-Scheinwerfer<\/li>\n<!-- \/wp:list-item -->\n\n<!-- wp:list-item -->\n<li>Fognail-System<\/li>\n<!-- \/wp:list-item --><\/ul>\n<!-- \/wp:list --><\/div>\n<!-- \/wp:column -->\n\n<!-- wp:column -->\n<div class=\"wp-block-column\"><!-- wp:image {\"id\":1796,\"sizeSlug\":\"full\",\"linkDestination\":\"none\"} -->\n<figure class=\"wp-block-image size-full\"><img loading=\"lazy\" decoding=\"async\" width=\"1024\" height=\"683\" src=\"https:\/\/ffw-adorf.de\/wp-content\/uploads\/2023\/07\/IMG_6394.jpg\" alt=\"\" class=\"wp-image-1796\" srcset=\"https:\/\/ffw-adorf.de\/wp-content\/uploads\/2023\/07\/IMG_6394.jpg 1024w, https:\/\/ffw-adorf.de\/wp-content\/uploads\/2023\/07\/IMG_6394-300x200.jpg 300w, https:\/\/ffw-adorf.de\/wp-content\/uploads\/2023\/07\/IMG_6394-768x512.jpg 768w\" sizes=\"auto, (max-width: 1024px) 100vw, 1024px\" \/><\/figure>\n<!-- \/wp:image --><\/div>\n<!-- \/wp:column --><\/div>\n<!-- \/wp:columns -->\n\n<!-- wp:columns -->\n<div class=\"wp-block-columns\"><!-- wp:column -->\n<div class=\"wp-block-column\"><\/div>\n<!-- \/wp:column --><\/div>\n<!-- \/wp:columns --><\/div><\/li>\n<li><a class=\"wp-block-latest-posts__post-title\" href=\"https:\/\/ffw-adorf.de\/?p=1912\">Gro\u00dftankl\u00f6schfahrzeug GTLF<\/a><div class=\"wp-block-latest-posts__post-full-content\"><!-- wp:columns -->\n<div class=\"wp-block-columns\"><!-- wp:column -->\n<div class=\"wp-block-column\"><!-- wp:paragraph -->\n<p>Baujahr: 2024<br>Fahrgestell: Tatra Force S3 R T815-7 6&#215;6.1<br>Motor: Cummins L9E6D400 Euro 6 291kw<br>Getriebe: Vollautomatisches Wandlergetriebe Allison 4500<br>Aufbau: THT<\/p>\n<!-- \/wp:paragraph -->\n\n<!-- wp:paragraph -->\n<p>Beladung:<br><ul><li>8500l Wasser (Tank Edelstahl)<\/li><li>500l Schaummittel<\/li><li>Zumischsystem THTronic Elektronisches Schaumzumischsystem 0-6%<\/li><\/ul><\/p>\n<!-- \/wp:paragraph -->\n\n<!-- wp:paragraph -->\n<p>Besonderheiten:<br><ul><li>Frontmonitor 800\/1000\/1200 fernsteuerbar<\/li><li>Dachmonitor Wasser\/Schaum 0 \u2013 3000l manuell<\/li><li>Frontspr\u00fchbalken<\/li><li>Schnellentleerung Wassertank F150<\/li><li>Lichtmast LED<\/li><li>Evakuierungssitze auf Fahrzeugdach<\/li><li>10000L Falttank Waldbrand<\/li><li>Schwimmpumpe Amphibio remote<\/li><li>Hygieneboard<\/li><li>K\u00fchlbox<\/li><li>Einsatzstellenbeleuchtung RLS 1000 Rosenbauer<\/li><li>2x Schlauchtragekorb Wildfire 45<\/li><\/ul><\/p>\n<!-- \/wp:paragraph --><\/div>\n<!-- \/wp:column -->\n\n<!-- wp:column -->\n<div class=\"wp-block-column\"><!-- wp:image {\"id\":1929,\"sizeSlug\":\"large\",\"linkDestination\":\"none\"} -->\n<figure class=\"wp-block-image size-large\"><img loading=\"lazy\" decoding=\"async\" width=\"1024\" height=\"683\" src=\"https:\/\/ffw-adorf.de\/wp-content\/uploads\/2024\/08\/GTLF-1024x683.jpg\" alt=\"\" class=\"wp-image-1929\" srcset=\"https:\/\/ffw-adorf.de\/wp-content\/uploads\/2024\/08\/GTLF-1024x683.jpg 1024w, https:\/\/ffw-adorf.de\/wp-content\/uploads\/2024\/08\/GTLF-300x200.jpg 300w, https:\/\/ffw-adorf.de\/wp-content\/uploads\/2024\/08\/GTLF-768x512.jpg 768w, https:\/\/ffw-adorf.de\/wp-content\/uploads\/2024\/08\/GTLF-1536x1024.jpg 1536w, https:\/\/ffw-adorf.de\/wp-content\/uploads\/2024\/08\/GTLF.jpg 1920w\" sizes=\"auto, (max-width: 1024px) 100vw, 1024px\" \/><\/figure>\n<!-- \/wp:image --><\/div>\n<!-- \/wp:column --><\/div>\n<!-- \/wp:columns --><\/div><\/li>\n<\/ul>","protected":false},"excerpt":{"rendered":"","protected":false},"author":1,"featured_media":0,"parent":0,"menu_order":0,"comment_status":"closed","ping_status":"closed","template":"","meta":{"footnotes":""},"class_list":["post-1234","page","type-page","status-publish","hentry"],"_links":{"self":[{"href":"https:\/\/ffw-adorf.de\/index.php?rest_route=\/wp\/v2\/pages\/1234","targetHints":{"allow":["GET"]}}],"collection":[{"href":"https:\/\/ffw-adorf.de\/index.php?rest_route=\/wp\/v2\/pages"}],"about":[{"href":"https:\/\/ffw-adorf.de\/index.php?rest_route=\/wp\/v2\/types\/page"}],"author":[{"embeddable":true,"href":"https:\/\/ffw-adorf.de\/index.php?rest_route=\/wp\/v2\/users\/1"}],"replies":[{"embeddable":true,"href":"https:\/\/ffw-adorf.de\/index.php?rest_route=%2Fwp%2Fv2%2Fcomments&post=1234"}],"version-history":[{"count":3,"href":"https:\/\/ffw-adorf.de\/index.php?rest_route=\/wp\/v2\/pages\/1234\/revisions"}],"predecessor-version":[{"id":1338,"href":"https:\/\/ffw-adorf.de\/index.php?rest_route=\/wp\/v2\/pages\/1234\/revisions\/1338"}],"wp:attachment":[{"href":"https:\/\/ffw-adorf.de\/index.php?rest_route=%2Fwp%2Fv2%2Fmedia&parent=1234"}],"curies":[{"name":"wp","href":"https:\/\/api.w.org\/{rel}","templated":true}]}}